{"id":116,"date":"2024-12-12T20:59:20","date_gmt":"2024-12-12T19:59:20","guid":{"rendered":"https:\/\/calin-crochete.ch\/?page_id=116"},"modified":"2024-12-17T21:29:46","modified_gmt":"2024-12-17T20:29:46","slug":"qui-sommes-nous","status":"publish","type":"page","link":"https:\/\/calin-crochete.ch\/index.php\/qui-sommes-nous\/","title":{"rendered":"Qui sommes-nous ?"},"content":{"rendered":"\n<p>Bienvenue chez <strong>C\u00e2lin Crochet\u00e9<\/strong> !<\/p>\n\n\n\n<p>Je m&#8217;appelle Silvia et je suis une adolescente passionn\u00e9e par l&#8217;art du crochet. Depuis que j&#8217;ai appris \u00e0 crocheter, j&#8217;ai d\u00e9couvert un monde infini de cr\u00e9ativit\u00e9 et de douceur. Chaque point, chaque maille, est une mani\u00e8re pour moi d&#8217;exprimer ma passion et de partager un peu de tendresse avec ceux qui croisent mon univers.<\/p>\n\n\n\n<p>C\u00e2lin Crochet\u00e9 est n\u00e9 de mon envie de transformer cette passion en une aventure o\u00f9 chaque cr\u00e9ation apporte joie et r\u00e9confort. Mes peluches et accessoires sont r\u00e9alis\u00e9s avec soin, en mettant tout mon c\u0153ur dans chaque d\u00e9tail. J&#8217;aime imaginer des personnages adorables, choisir des mat\u00e9riaux doux et color\u00e9s, et voir mes id\u00e9es prendre vie dans mes mains.<\/p>\n\n\n\n<p>Ce qui me motive ? Savoir que mes cr\u00e9ations, uniques et faites avec amour, peuvent illuminer votre journ\u00e9e ou offrir un sourire \u00e0 quelqu&#8217;un que vous aimez.<\/p>\n\n\n\n<p>Merci de faire partie de cette belle aventure avec moi ! Ensemble, c\u00e9l\u00e9brons le fait main, la cr\u00e9ativit\u00e9 et les petits c\u00e2lins du quotidien.<\/p>\n\n\n\n<p>Avec tendresse,<br>Silvia \ud83d\udc95<\/p>\n\n\n\n<hr class=\"wp-block-separator has-alpha-channel-opacity\"\/>\n","protected":false},"excerpt":{"rendered":"<p>Bienvenue chez C\u00e2lin Crochet\u00e9 ! Je m&#8217;appelle Silvia et je suis une adolescente passionn\u00e9e par [&hellip;]<\/p>\n","protected":false},"author":1,"featured_media":117,"parent":0,"menu_order":0,"comment_status":"closed","ping_status":"closed","template":"","meta":{"iawp_total_views":54,"footnotes":""},"class_list":["post-116","page","type-page","status-publish","has-post-thumbnail","hentry"],"_links":{"self":[{"href":"https:\/\/calin-crochete.ch\/index.php\/wp-json\/wp\/v2\/pages\/116","targetHints":{"allow":["GET"]}}],"collection":[{"href":"https:\/\/calin-crochete.ch\/index.php\/wp-json\/wp\/v2\/pages"}],"about":[{"href":"https:\/\/calin-crochete.ch\/index.php\/wp-json\/wp\/v2\/types\/page"}],"author":[{"embeddable":true,"href":"https:\/\/calin-crochete.ch\/index.php\/wp-json\/wp\/v2\/users\/1"}],"replies":[{"embeddable":true,"href":"https:\/\/calin-crochete.ch\/index.php\/wp-json\/wp\/v2\/comments?post=116"}],"version-history":[{"count":2,"href":"https:\/\/calin-crochete.ch\/index.php\/wp-json\/wp\/v2\/pages\/116\/revisions"}],"predecessor-version":[{"id":149,"href":"https:\/\/calin-crochete.ch\/index.php\/wp-json\/wp\/v2\/pages\/116\/revisions\/149"}],"wp:featuredmedia":[{"embeddable":true,"href":"https:\/\/calin-crochete.ch\/index.php\/wp-json\/wp\/v2\/media\/117"}],"wp:attachment":[{"href":"https:\/\/calin-crochete.ch\/index.php\/wp-json\/wp\/v2\/media?parent=116"}],"curies":[{"name":"wp","href":"https:\/\/api.w.org\/{rel}","templated":true}]}}